{"id":740,"date":"2025-09-10T11:59:18","date_gmt":"2025-09-10T08:59:18","guid":{"rendered":"https:\/\/damlalegal.com\/?page_id=740"},"modified":"2025-09-11T14:16:03","modified_gmt":"2025-09-11T11:16:03","slug":"kullanici-mi-satici-mi-uyusturucu-suclarindaki-kritik-ayrim-tck-188-191","status":"publish","type":"page","link":"https:\/\/damlalegal.com\/tr_tr\/kullanici-mi-satici-mi-uyusturucu-suclarindaki-kritik-ayrim-tck-188-191\/","title":{"rendered":"Kullan\u0131c\u0131 m\u0131 Sat\u0131c\u0131 m\u0131? Uyu\u015fturucu Su\u00e7lar\u0131ndaki Kritik Ayr\u0131m (TCK 188-191)"},"content":{"rendered":"\t\t<div data-elementor-type=\"wp-page\" data-elementor-id=\"740\" class=\"elementor elementor-740\" data-elementor-post-type=\"page\">\n\t\t\t\t<div class=\"elementor-element elementor-element-9104c81 e-con-full e-flex e-con e-parent\" data-id=\"9104c81\" data-element_type=\"container\" data-e-type=\"container\" data-settings=\"{&quot;background_background&quot;:&quot;classic&quot;}\">\n\t\t<div class=\"elementor-element elementor-element-fd24e39 e-con-full e-flex e-con e-child\" data-id=\"fd24e39\" data-element_type=\"container\" data-e-type=\"container\">\n\t\t<div class=\"elementor-element elementor-element-505bd47 e-con-full e-flex e-con e-child\" data-id=\"505bd47\" data-element_type=\"container\" data-e-type=\"container\">\n\t\t\t\t<\/div>\n\t\t<div class=\"elementor-element elementor-element-9561d09 e-con-full e-flex e-con e-child\" data-id=\"9561d09\" data-element_type=\"container\" data-e-type=\"container\">\n\t\t\t\t<div class=\"elementor-element elementor-element-39b54a0 elementor-nav-menu--stretch elementor-nav-menu__text-align-center elementor-nav-menu--dropdown-tablet elementor-nav-menu--toggle elementor-nav-menu--burger elementor-widget elementor-widget-nav-menu\" data-id=\"39b54a0\" data-element_type=\"widget\" data-e-type=\"widget\" data-settings=\"{&quot;full_width&quot;:&quot;stretch&quot;,&quot;submenu_icon&quot;:{&quot;value&quot;:&quot;&lt;i class=\\&quot;\\&quot;&gt;&lt;\\\/i&gt;&quot;,&quot;library&quot;:&quot;&quot;},&quot;layout&quot;:&quot;horizontal&quot;,&quot;toggle&quot;:&quot;burger&quot;}\" data-widget_type=\"nav-menu.default\">\n\t\t\t\t\t\t\t\t<nav aria-label=\"Menu\" class=\"elementor-nav-menu--main elementor-nav-menu__container elementor-nav-menu--layout-horizontal e--pointer-none\">\n\t\t\t\t<ul id=\"menu-1-39b54a0\" class=\"elementor-nav-menu\"><li class=\"menu-item menu-item-type-post_type menu-item-object-page menu-item-home menu-item-284\"><a href=\"https:\/\/damlalegal.com\/tr_tr\/\" class=\"elementor-item\">Ana Sayfa<\/a><\/li>\n<li class=\"menu-item menu-item-type-custom menu-item-object-custom menu-item-285\"><a href=\"https:\/\/damlalegal.com\/hakkimizda\/\" class=\"elementor-item\">Hakk\u0131m\u0131zda<\/a><\/li>\n<li class=\"menu-item menu-item-type-custom menu-item-object-custom menu-item-514\"><a href=\"https:\/\/damlalegal.com\/hukuki-makaleler\/\" class=\"elementor-item\">Makaleler<\/a><\/li>\n<li class=\"menu-item menu-item-type-custom menu-item-object-custom menu-item-286\"><a href=\"https:\/\/damlalegal.com\/hizmetlerimiz\/\" class=\"elementor-item\">Hizmetlerimiz<\/a><\/li>\n<li class=\"menu-item menu-item-type-custom menu-item-object-custom menu-item-287\"><a href=\"https:\/\/damlalegal.com\/iletisim\/\" class=\"elementor-item\">\u0130leti\u015fim<\/a><\/li>\n<\/ul>\t\t\t<\/nav>\n\t\t\t\t\t<div class=\"elementor-menu-toggle\" role=\"button\" tabindex=\"0\" aria-label=\"Menu Toggle\" aria-expanded=\"false\">\n\t\t\t<svg aria-hidden=\"true\" role=\"presentation\" class=\"elementor-menu-toggle__icon--open e-font-icon-svg e-eicon-menu-bar\" viewBox=\"0 0 1000 1000\" xmlns=\"http:\/\/www.w3.org\/2000\/svg\"><path d=\"M104 333H896C929 333 958 304 958 271S929 208 896 208H104C71 208 42 237 42 271S71 333 104 333ZM104 583H896C929 583 958 554 958 521S929 458 896 458H104C71 458 42 487 42 521S71 583 104 583ZM104 833H896C929 833 958 804 958 771S929 708 896 708H104C71 708 42 737 42 771S71 833 104 833Z\"><\/path><\/svg><svg aria-hidden=\"true\" role=\"presentation\" class=\"elementor-menu-toggle__icon--close e-font-icon-svg e-eicon-close\" viewBox=\"0 0 1000 1000\" xmlns=\"http:\/\/www.w3.org\/2000\/svg\"><path d=\"M742 167L500 408 258 167C246 154 233 150 217 150 196 150 179 158 167 167 154 179 150 196 150 212 150 229 154 242 171 254L408 500 167 742C138 771 138 800 167 829 196 858 225 858 254 829L496 587 738 829C750 842 767 846 783 846 800 846 817 842 829 829 842 817 846 804 846 783 846 767 842 750 829 737L588 500 833 258C863 229 863 200 833 171 804 137 775 137 742 167Z\"><\/path><\/svg>\t\t<\/div>\n\t\t\t\t\t<nav class=\"elementor-nav-menu--dropdown elementor-nav-menu__container\" aria-hidden=\"true\">\n\t\t\t\t<ul id=\"menu-2-39b54a0\" class=\"elementor-nav-menu\"><li class=\"menu-item menu-item-type-post_type menu-item-object-page menu-item-home menu-item-284\"><a href=\"https:\/\/damlalegal.com\/tr_tr\/\" class=\"elementor-item\" tabindex=\"-1\">Ana Sayfa<\/a><\/li>\n<li class=\"menu-item menu-item-type-custom menu-item-object-custom menu-item-285\"><a href=\"https:\/\/damlalegal.com\/hakkimizda\/\" class=\"elementor-item\" tabindex=\"-1\">Hakk\u0131m\u0131zda<\/a><\/li>\n<li class=\"menu-item menu-item-type-custom menu-item-object-custom menu-item-514\"><a href=\"https:\/\/damlalegal.com\/hukuki-makaleler\/\" class=\"elementor-item\" tabindex=\"-1\">Makaleler<\/a><\/li>\n<li class=\"menu-item menu-item-type-custom menu-item-object-custom menu-item-286\"><a href=\"https:\/\/damlalegal.com\/hizmetlerimiz\/\" class=\"elementor-item\" tabindex=\"-1\">Hizmetlerimiz<\/a><\/li>\n<li class=\"menu-item menu-item-type-custom menu-item-object-custom menu-item-287\"><a href=\"https:\/\/damlalegal.com\/iletisim\/\" class=\"elementor-item\" tabindex=\"-1\">\u0130leti\u015fim<\/a><\/li>\n<\/ul>\t\t\t<\/nav>\n\t\t\t\t\t\t<\/div>\n\t\t\t\t<\/div>\n\t\t<div class=\"elementor-element elementor-element-44bbf46 e-con-full e-flex e-con e-child\" data-id=\"44bbf46\" data-element_type=\"container\" data-e-type=\"container\">\n\t\t\t\t<div class=\"elementor-element elementor-element-21da8ac elementor-widget elementor-widget-button\" data-id=\"21da8ac\" data-element_type=\"widget\" data-e-type=\"widget\" data-widget_type=\"button.default\">\n\t\t\t\t\t\t\t\t\t\t<a class=\"elementor-button elementor-button-link elementor-size-sm\" href=\"#\">\n\t\t\t\t\t\t<span class=\"elementor-button-content-wrapper\">\n\t\t\t\t\t\t\t\t\t<span class=\"elementor-button-text\">Bize Ula\u015f\u0131n: damla.bayrak@damlalegal.com<\/span>\n\t\t\t\t\t<\/span>\n\t\t\t\t\t<\/a>\n\t\t\t\t\t\t\t\t<\/div>\n\t\t\t\t<\/div>\n\t\t\t\t<\/div>\n\t\t\t\t<\/div>\n\t\t<div class=\"elementor-element elementor-element-082c423 e-flex e-con-boxed e-con e-parent\" data-id=\"082c423\" data-element_type=\"container\" data-e-type=\"container\" data-settings=\"{&quot;background_background&quot;:&quot;classic&quot;}\">\n\t\t\t\t\t<div class=\"e-con-inner\">\n\t\t<div class=\"elementor-element elementor-element-92942f5 e-con-full e-flex e-con e-child\" data-id=\"92942f5\" data-element_type=\"container\" data-e-type=\"container\" data-settings=\"{&quot;background_background&quot;:&quot;classic&quot;}\">\n\t\t\t\t<\/div>\n\t\t<div class=\"elementor-element elementor-element-1620d31 e-con-full e-flex e-con e-child\" data-id=\"1620d31\" data-element_type=\"container\" data-e-type=\"container\" data-settings=\"{&quot;background_background&quot;:&quot;classic&quot;}\">\n\t\t<div class=\"elementor-element elementor-element-a19ac24 e-con-full e-flex e-con e-child\" data-id=\"a19ac24\" data-element_type=\"container\" data-e-type=\"container\" data-settings=\"{&quot;background_background&quot;:&quot;classic&quot;}\">\n\t\t\t\t<div class=\"elementor-element elementor-element-a908743 elementor-widget elementor-widget-heading\" data-id=\"a908743\" data-element_type=\"widget\" data-e-type=\"widget\" data-widget_type=\"heading.default\">\n\t\t\t\t\t<h2 class=\"elementor-heading-title elementor-size-default\">Kullan\u0131c\u0131 m\u0131 Sat\u0131c\u0131 m\u0131? Uyu\u015fturucu Su\u00e7lar\u0131ndaki Kritik Ayr\u0131m (TCK 188-191)\n<\/h2>\t\t\t\t<\/div>\n\t\t\t\t<div class=\"elementor-element elementor-element-a7d1fb5 elementor-widget elementor-widget-text-editor\" data-id=\"a7d1fb5\" data-element_type=\"widget\" data-e-type=\"widget\" data-widget_type=\"text-editor.default\">\n\t\t\t\t\t\t\t\t\t<p class=\"kenarlara-yasla has-dm-sans-font-family\">Uyu\u015fturucu su\u00e7lar\u0131nda yakalanan ki\u015finin \u201c<em>kullan\u0131c\u0131<\/em>\u201d m\u0131 yoksa \u201c<em>sat\u0131c\u0131<\/em>\u201d m\u0131 oldu\u011funun tespiti, ceza hukuku a\u00e7\u0131s\u0131ndan do\u011frudan cezan\u0131n t\u00fcr\u00fcn\u00fc ve a\u011f\u0131rl\u0131\u011f\u0131n\u0131 belirleyen en temel noktad\u0131r. T\u00fcrk Ceza Kanunu\u2019nda bu ayr\u0131m; TCK m.191 kapsam\u0131nda \u201c<em>uyu\u015fturucu madde kullanma<\/em>\u201d su\u00e7u ile TCK m.188 kapsam\u0131nda \u201c<em>uyu\u015fturucu madde ticareti<\/em>\u201d su\u00e7u aras\u0131nda yap\u0131lmakta ve bu iki su\u00e7 tipi aras\u0131nda \u00e7ok ciddi yapt\u0131r\u0131m fark\u0131 bulunmaktad\u0131r.<\/p><p class=\"kenarlara-yasla has-dm-sans-font-family\">TCK m.191\u2019de d\u00fczenlenen su\u00e7 tipinde, kanun koyucu esasen bir kullan\u0131c\u0131n\u0131n cezaland\u0131r\u0131lmas\u0131ndan ziyade, rehabilite edilmesini ve topluma yeniden kazand\u0131r\u0131lmas\u0131n\u0131 ama\u00e7lamakta; bu do\u011frultuda kamu davas\u0131n\u0131n a\u00e7\u0131lmas\u0131n\u0131n ertelenmesi, rehabilitasyon ve denetimli serbestlik gibi \u00f6nleyici ve koruyucu kurumlara yer vermektedir. Buna kar\u015f\u0131n; TCK m.188 ile d\u00fczenlenen ve uyu\u015fturucu sat\u0131\u015f\u0131, ba\u015fkas\u0131na temini, nakli, depolanmas\u0131, ticaret ama\u00e7l\u0131 sat\u0131n al\u0131nmas\u0131 gibi daha tehlikeli ve \u00f6rg\u00fctl\u00fc fiilleri hedef al\u0131r. Bu madde kapsam\u0131nda fail do\u011frudan a\u011f\u0131r bir hapis cezas\u0131 tehdidiyle kar\u015f\u0131 kar\u015f\u0131ya kalmakta; cezas\u0131 10 y\u0131ldan ba\u015flamaktad\u0131r.<\/p><p class=\"kenarlara-yasla has-dm-sans-font-family\">Bu su\u00e7lara ili\u015fkin uygulamada sorun yaratan en temel mesele, baz\u0131 fiillerin her iki su\u00e7 tipinde de ortak olarak d\u00fczenlenmi\u015f olmas\u0131d\u0131r. Nitekim \u201c<em>uyu\u015fturucu madde sat\u0131n almak<\/em>\u201d, \u201c<em>kabul etmek<\/em>\u201d ya da \u201c<em>bulundurmak<\/em>\u201d gibi eylemler hem TCK m.191\u2019de hem de TCK m.188\u2019de yer almaktad\u0131r. Dolay\u0131s\u0131yla bu fiillerin hangi saikle, yani\u00a0<em>kullanma amac\u0131yla<\/em>\u00a0m\u0131 yoksa\u00a0<em>ticaret kast\u0131yla<\/em>\u00a0m\u0131 i\u015flendi\u011fi, su\u00e7un niteli\u011fini belirleyen temel \u00f6l\u00e7\u00fct haline gelmektedir. Her ne kadar Yarg\u0131tay, bu ayr\u0131m\u0131n yap\u0131lmas\u0131nda birtak\u0131m kriterler geli\u015ftirmi\u015f olsa da, yak\u0131n tarihli i\u00e7tihatlar dikkatle incelendi\u011finde, her somut olay\u0131n kendi i\u00e7inde, kendi ko\u015fullar\u0131 ve delilleriyle birlikte de\u011ferlendirilmesi, dolay\u0131s\u0131yla \u015fabloncu bir nitelendirmeden ka\u00e7\u0131n\u0131lmas\u0131 gerekti\u011fi g\u00f6r\u00fclmektedir. Her somut olay, kendi ko\u015fullar\u0131 ve delilleri \u00e7er\u00e7evesinde adil yarg\u0131lanma ilkesi do\u011frultusunda ele al\u0131nmal\u0131d\u0131r.<\/p><p class=\"kenarlara-yasla has-dm-sans-font-family\">Biz de bu \u00e7al\u0131\u015fmada, Yarg\u0131tay\u2019\u0131n g\u00fcncel i\u00e7tihatlar\u0131 ve belirledi\u011fi kriterler ile doktrinsel yakla\u015f\u0131mlar\u0131 birlikte de\u011ferlendirerek; kullan\u0131c\u0131-sat\u0131c\u0131 ayr\u0131m\u0131n\u0131 b\u00fct\u00fcnsel bi\u00e7imde ele al\u0131p \u00e7\u00f6z\u00fcmleme gayretinde olaca\u011f\u0131z.<\/p>\t\t\t\t\t\t\t\t<\/div>\n\t\t<div class=\"elementor-element elementor-element-9aff092 e-con-full e-flex e-con e-child\" data-id=\"9aff092\" data-element_type=\"container\" data-e-type=\"container\" data-settings=\"{&quot;background_background&quot;:&quot;classic&quot;}\">\n\t\t\t\t<div class=\"elementor-element elementor-element-0e70746 elementor-widget__width-initial elementor-widget elementor-widget-heading\" data-id=\"0e70746\" data-element_type=\"widget\" data-e-type=\"widget\" data-widget_type=\"heading.default\">\n\t\t\t\t\t<h2 class=\"elementor-heading-title elementor-size-default\">1. Failin Sat\u0131\u015fa Y\u00f6nelik Davran\u0131\u015flar\u0131<\/h2>\t\t\t\t<\/div>\n\t\t\t\t<div class=\"elementor-element elementor-element-defa229 elementor-widget elementor-widget-text-editor\" data-id=\"defa229\" data-element_type=\"widget\" data-e-type=\"widget\" data-widget_type=\"text-editor.default\">\n\t\t\t\t\t\t\t\t\t<p class=\"kenarlara-yasla has-dm-sans-font-family\">Failin, uyu\u015fturucu maddeyi ba\u015fkas\u0131na satma, devretme veya temin etme y\u00f6n\u00fcnde bir eylemi olup olmad\u0131\u011f\u0131 ilk ve en temel kriterdir. \u00d6rne\u011fin, kolluk taraf\u0131ndan yap\u0131lan fiziki\/teknik takipte m\u00fc\u015fteri arad\u0131\u011f\u0131, pazarl\u0131k yapt\u0131\u011f\u0131, sat\u0131\u015f teklif etti\u011fi tespit edilirse ya da san\u0131k bir gizli soru\u015fturmac\u0131ya uyu\u015fturucu maddeyi satmaya \u00e7al\u0131\u015f\u0131rken yakalanm\u0131\u015fsa, art\u0131k ki\u015fi \u201ckullan\u0131c\u0131\u201d de\u011fil sat\u0131c\u0131 olarak de\u011ferlendirilir. Bu gibi durumlarda san\u0131\u011f\u0131n \u201ckullanmak i\u00e7in ald\u0131m\u201d savunmas\u0131na itibar edilmez. Nitekim Yarg\u0131tay bir karar\u0131nda, san\u0131\u011f\u0131n gizli soru\u015fturmac\u0131lara uyu\u015fturucu satma fiilini sabit g\u00f6rerek bunun uyu\u015fturucu madde ticareti su\u00e7unu olu\u015fturdu\u011funu vurgulam\u0131\u015ft\u0131r (<em>Yarg\u0131tay 10. CD, 14.12.2023 T., 2023\/13937 E. 2023\/11100K<\/em>.). Dolay\u0131s\u0131yla, failin ticaret kast\u0131n\u0131 g\u00f6steren somut eylemlerinin varl\u0131\u011f\u0131, kullan\u0131c\u0131-sat\u0131c\u0131 ayr\u0131m\u0131n\u0131n yap\u0131lmas\u0131nda belirleyici nitelikte olup, su\u00e7un hukuki nitelendirmesinde en \u00f6nemli unsurlardan birini te\u015fkil etmektedir.<\/p>\t\t\t\t\t\t\t\t<\/div>\n\t\t\t\t<\/div>\n\t\t<div class=\"elementor-element elementor-element-38b4d7d e-con-full e-flex e-con e-child\" data-id=\"38b4d7d\" data-element_type=\"container\" data-e-type=\"container\" data-settings=\"{&quot;background_background&quot;:&quot;classic&quot;}\">\n\t\t\t\t<div class=\"elementor-element elementor-element-75c1bb2 elementor-widget__width-initial elementor-widget elementor-widget-heading\" data-id=\"75c1bb2\" data-element_type=\"widget\" data-e-type=\"widget\" data-widget_type=\"heading.default\">\n\t\t\t\t\t<h2 class=\"elementor-heading-title elementor-size-default\">2. Uyu\u015fturucu Madde T\u00fcr\u00fc ve Miktar\u0131\/ Kullan\u0131m S\u0131n\u0131r\u0131<\/h2>\t\t\t\t<\/div>\n\t\t\t\t<div class=\"elementor-element elementor-element-ccb47d0 elementor-widget elementor-widget-text-editor\" data-id=\"ccb47d0\" data-element_type=\"widget\" data-e-type=\"widget\" data-widget_type=\"text-editor.default\">\n\t\t\t\t\t\t\t\t\t<p class=\"kenarlara-yasla has-dm-sans-font-family\">Kullan\u0131c\u0131\/ sat\u0131c\u0131 ayr\u0131m\u0131n\u0131n tespitinde \u00f6ncelikli olarak ele al\u0131nan hususlardan bir di\u011feri ise yakalanan uyu\u015fturucu madde t\u00fcr\u00fc ve miktar\u0131d\u0131r. Adli T\u0131p Kurumu raporlar\u0131 ve bilimsel kaynaklar, \u00e7e\u015fitli uyu\u015fturucular i\u00e7in ortalama kullan\u0131m dozajlar\u0131n\u0131 belirlemi\u015ftir. Bu verilere g\u00f6re ele ge\u00e7irilen miktar\u0131n g\u00fcnl\u00fck kullan\u0131m s\u0131n\u0131r\u0131; esrarda yakla\u015f\u0131k 2 gram, eroinde 150 mg, kokainde 60 mg ve sentetik haplarda 3-4 adet \u015feklinde belirlenmi\u015ftir. Yarg\u0131tay kararlar\u0131nda ki\u015fisel kullan\u0131m s\u0131n\u0131rlar\u0131 genellikle \u015fu \u015fekilde de\u011ferlendirilmi\u015ftir (y\u0131ll\u0131k kullan\u0131m miktar\u0131 baz\u0131nda): Esrarda 600-700 gram; eroin ve kokain i\u00e7in 20 gram; sentetik haplarda ise 50 adet \u00fczeri, ticaret kast\u0131n\u0131 g\u00f6sterebilir. Metamfetamin i\u00e7in net bir s\u0131n\u0131r olmamakla birlikte, 10 gram alt\u0131 miktarlar kullan\u0131m amac\u0131yla ili\u015fkilendirilmektedir. Kenevir i\u00e7in ise, 20 k\u00f6ke kadar olan ekimler, ticari kast\u0131 g\u00f6steren ba\u015fka bir delil veya durum olmad\u0131\u011f\u0131 s\u00fcrece, ki\u015fisel kullan\u0131m kapsam\u0131nda de\u011ferlendirilir.<\/p><p class=\"kenarlara-yasla has-dm-sans-font-family\">Bu s\u0131n\u0131rlar yasa koyucu taraf\u0131ndan sabit belirlenmi\u015f rakamlar olmay\u0131p, Yarg\u0131tay\u2019\u0131n yerle\u015fik i\u00e7tihatlar\u0131na dayanmaktad\u0131r. \u00d6nceden \u201cy\u0131ll\u0131k kullan\u0131m miktar\u0131\u201d gibi \u00f6l\u00e7\u00fctler esas al\u0131n\u0131rken, g\u00fcncel yakla\u015f\u0131m failin belirli bir zaman diliminde t\u00fcketebilece\u011fi miktar\u0131n esas al\u0131nmas\u0131 \u015feklinde evrilmi\u015ftir. \u00d6rne\u011fin; tatil, seyahat veya ge\u00e7ici ikamet gibi durumlarda failin yan\u0131nda ta\u015f\u0131d\u0131\u011f\u0131 uyu\u015fturucu miktar\u0131n\u0131n, bu s\u00fcreye uygun olup olmad\u0131\u011f\u0131 incelenecektir.<\/p><p class=\"kenarlara-yasla has-dm-sans-font-family\">Sonu\u00e7 olarak, madde t\u00fcr\u00fc ve miktar\u0131 her ne kadar bu ayr\u0131mda en temel unsurlardan biri olsa da, yaz\u0131m\u0131z\u0131n ba\u015f\u0131nda da belirtti\u011fimiz \u00fczere su\u00e7 vasf\u0131n\u0131 belirlemede tek ba\u015f\u0131na yeterli de\u011fildir. Failin uyu\u015fturucu maddeyi hangi ama\u00e7la bulundurdu\u011fu, di\u011fer delil ve emarelerle birlikte b\u00fct\u00fcnc\u00fcl \u015fekilde de\u011ferlendirilmeli ve buna g\u00f6re bir hukuki nitelendirme yap\u0131lmal\u0131d\u0131r.<\/p>\t\t\t\t\t\t\t\t<\/div>\n\t\t\t\t<\/div>\n\t\t<div class=\"elementor-element elementor-element-9c91b44 e-con-full e-flex e-con e-child\" data-id=\"9c91b44\" data-element_type=\"container\" data-e-type=\"container\" data-settings=\"{&quot;background_background&quot;:&quot;classic&quot;}\">\n\t\t\t\t<div class=\"elementor-element elementor-element-c34a512 elementor-widget__width-initial elementor-widget elementor-widget-heading\" data-id=\"c34a512\" data-element_type=\"widget\" data-e-type=\"widget\" data-widget_type=\"heading.default\">\n\t\t\t\t\t<h2 class=\"elementor-heading-title elementor-size-default\">3. Uyu\u015fturucunun Ele Ge\u00e7irilme ve Bulundurulma \u015eekli\n\n<\/h2>\t\t\t\t<\/div>\n\t\t\t\t<div class=\"elementor-element elementor-element-4f42b22 elementor-widget elementor-widget-text-editor\" data-id=\"4f42b22\" data-element_type=\"widget\" data-e-type=\"widget\" data-widget_type=\"text-editor.default\">\n\t\t\t\t\t\t\t\t\t<p class=\"kenarlara-yasla has-dm-sans-font-family\">Uyu\u015fturucu maddenin nas\u0131l paketlendi\u011fi, sakland\u0131\u011f\u0131 ve sunuldu\u011fu da su\u00e7un nitelendirilmesinde \u00f6nem te\u015fkil eder. \u00c7ok say\u0131da, \u00f6zenle haz\u0131rlanm\u0131\u015f k\u00fc\u00e7\u00fck paketler halinde uyu\u015fturucu bulundurmak tipik bir sat\u0131c\u0131 davran\u0131\u015f\u0131d\u0131r. \u00d6rne\u011fin esrar\u0131n veya eroinin e\u015fit gramajlarda k\u00fc\u00e7\u00fck paketlere b\u00f6l\u00fcnm\u00fc\u015f olmas\u0131, yan\u0131nda veya yak\u0131nda hassas terazi ve paketleme malzemeleri bulunmas\u0131, uyu\u015fturucunun kullan\u0131m amac\u0131 d\u0131\u015f\u0131nda elde tutuldu\u011funa g\u00fc\u00e7l\u00fc bir i\u015farettir. Buna kar\u015f\u0131n uyu\u015fturucu maddenin tek bir pakette ve ki\u015fisel t\u00fcketim d\u00fczenine uygun bulunmas\u0131 (\u00f6rne\u011fin \u00f6\u011f\u00fct\u00fclm\u00fc\u015f esrar\u0131n tek po\u015fette, kullan\u0131c\u0131n\u0131n i\u00e7im yapt\u0131\u011f\u0131 d\u00fczene\u011fe yak\u0131n durmas\u0131), ticaret kast\u0131n\u0131n olmad\u0131\u011f\u0131n\u0131 d\u00fc\u015f\u00fcnd\u00fcrebilir. Ayn\u0131 \u015fekilde maddenin sakland\u0131\u011f\u0131 yer de \u00f6nemlidir. Kullan\u0131c\u0131n\u0131n, uyu\u015fturucu maddeyi genellikle kolay eri\u015febilece\u011fi yerlerde bulunduraca\u011f\u0131 kabul edilir (<em>\u00f6rne\u011fin evinde, cebinde veya arac\u0131nda<\/em>). Buna kar\u015f\u0131l\u0131k, uyu\u015fturucu maddenin ula\u015f\u0131lmas\u0131 g\u00fc\u00e7, gizli ve uzak bir yere zulalanm\u0131\u015f halde ele ge\u00e7irilmesi, kullan\u0131m amac\u0131 d\u0131\u015f\u0131nda ticaret kast\u0131n\u0131n varl\u0131\u011f\u0131 y\u00f6n\u00fcnde yorumlanabilecektir.<\/p>\t\t\t\t\t\t\t\t<\/div>\n\t\t\t\t<\/div>\n\t\t<div class=\"elementor-element elementor-element-4ef33f8 e-con-full e-flex e-con e-child\" data-id=\"4ef33f8\" data-element_type=\"container\" data-e-type=\"container\" data-settings=\"{&quot;background_background&quot;:&quot;classic&quot;}\">\n\t\t\t\t<div class=\"elementor-element elementor-element-bb83d37 elementor-widget__width-initial elementor-widget elementor-widget-heading\" data-id=\"bb83d37\" data-element_type=\"widget\" data-e-type=\"widget\" data-widget_type=\"heading.default\">\n\t\t\t\t\t<h2 class=\"elementor-heading-title elementor-size-default\">4. Uyu\u015fturucu Maddenin T\u00fcr\u00fc ve Bir Arada Bulunmas\u0131\n\n<\/h2>\t\t\t\t<\/div>\n\t\t\t\t<div class=\"elementor-element elementor-element-5182f14 elementor-widget elementor-widget-text-editor\" data-id=\"5182f14\" data-element_type=\"widget\" data-e-type=\"widget\" data-widget_type=\"text-editor.default\">\n\t\t\t\t\t\t\t\t\t<p class=\"kenarlara-yasla has-dm-sans-font-family\">Bir di\u011fer \u00f6nemli unsur, failin \u00fczerinde birden fazla t\u00fcrde uyu\u015fturucu madde ele ge\u00e7irilmesidir. Genellikle kullan\u0131c\u0131lar yaln\u0131zca tek bir maddeyi ya da benzer etkilere sahip s\u0131n\u0131rl\u0131 say\u0131da maddeyi bulundururlar. Buna kar\u015f\u0131l\u0131k esrar, kokain, eroin ve sentetik hap gibi etkileri ve kullan\u0131m ama\u00e7lar\u0131 farkl\u0131 maddelerin birlikte ele ge\u00e7irilmesi, bu maddelerin ticaret kast\u0131yla bulunduruldu\u011fu y\u00f6n\u00fcnde de\u011ferlendirilebilir. Uyu\u015fturucu t\u00fcr\u00fc, ayn\u0131 zamanda t\u00fcketim miktar\u0131n\u0131n yorumlanmas\u0131nda da \u00f6nem ta\u015f\u0131r; zira baz\u0131 maddeler \u00e7ok d\u00fc\u015f\u00fck dozlarda dahi g\u00fc\u00e7l\u00fc etkiler yaratabilir, bu sebeple bir\u00e7ok maddenin bir arada bulundurulmas\u0131 ticaret kast\u0131 \u015f\u00fcphesini g\u00fc\u00e7lendirecektir.<\/p><p class=\"kenarlara-yasla has-dm-sans-font-family\">Kullan\u0131c\u0131\/ sat\u0131c\u0131 ayr\u0131m\u0131n\u0131n nitelendirilmesinde bu unsur, genellikle ambalajlama ve paketleme \u015fekliyle birlikte ele al\u0131narak b\u00fct\u00fcnc\u00fcl bir yorumla de\u011ferlendirilir.<\/p>\t\t\t\t\t\t\t\t<\/div>\n\t\t\t\t<\/div>\n\t\t<div class=\"elementor-element elementor-element-68cb46a e-con-full e-flex e-con e-child\" data-id=\"68cb46a\" data-element_type=\"container\" data-e-type=\"container\" data-settings=\"{&quot;background_background&quot;:&quot;classic&quot;}\">\n\t\t\t\t<div class=\"elementor-element elementor-element-8ef75d9 elementor-widget__width-initial elementor-widget elementor-widget-heading\" data-id=\"8ef75d9\" data-element_type=\"widget\" data-e-type=\"widget\" data-widget_type=\"heading.default\">\n\t\t\t\t\t<h2 class=\"elementor-heading-title elementor-size-default\">5. Failin Uyu\u015fturucu Kullanma Al\u0131\u015fkanl\u0131\u011f\u0131\n\n<\/h2>\t\t\t\t<\/div>\n\t\t\t\t<div class=\"elementor-element elementor-element-65192f0 elementor-widget elementor-widget-text-editor\" data-id=\"65192f0\" data-element_type=\"widget\" data-e-type=\"widget\" data-widget_type=\"text-editor.default\">\n\t\t\t\t\t\t\t\t\t<p class=\"kenarlara-yasla has-dm-sans-font-family\">San\u0131\u011f\u0131n bizzat uyu\u015fturucu kullan\u0131c\u0131s\u0131 olup olmad\u0131\u011f\u0131 da ay\u0131r\u0131c\u0131 bir \u00f6l\u00e7\u00fctt\u00fcr. Yakalanan ki\u015fi hi\u00e7 uyu\u015fturucu kullanm\u0131yorsa (sa\u011fl\u0131k kurulu raporunda ba\u011f\u0131ml\u0131 olmad\u0131\u011f\u0131 saptanm\u0131\u015fsa), elinde bulundurdu\u011fu maddeyi kendi t\u00fcketimi i\u00e7in de\u011fil ba\u015fkalar\u0131na vermek i\u00e7in tutuyor olma ihtimali y\u00fckselecektir. Buna kar\u015f\u0131l\u0131k failin kendisinin ba\u011f\u0131ml\u0131 olmas\u0131 veya d\u00fczenli kullan\u0131c\u0131s\u0131 olmas\u0131, \u00fczerinde yakalanan bir miktar\u0131n kendi ihtiyac\u0131 i\u00e7in olabilece\u011fine i\u015faret edecektir. \u00d6rne\u011fin, bir uyu\u015fturucu testinde pozitif \u00e7\u0131kan, uzun s\u00fcredir kullan\u0131c\u0131 oldu\u011fu bilinen bir ki\u015finin evinde bulunan esrar, miktar\u0131 makul seviyedeyse \u015fahsi kullan\u0131m say\u0131labilir. Yarg\u0131tay bir karar\u0131nda, san\u0131\u011f\u0131n uyu\u015fturucu ba\u011f\u0131ml\u0131s\u0131 olmad\u0131\u011f\u0131n\u0131n raporla belirtilmesine ra\u011fmen kan\u0131nda uyu\u015fturucu tespit edilmesini ve evinde 577 gram esrar bulunmas\u0131n\u0131 de\u011ferlendirerek, bu miktar\u0131n ki\u015fisel kullan\u0131m s\u0131n\u0131r\u0131nda oldu\u011fu ve ba\u015fka delil de bulunmad\u0131\u011f\u0131 i\u00e7in ticaret su\u00e7undan mahk\u00fbmiyetin bozulmas\u0131na karar vermi\u015ftir (<em>Yarg\u0131tay 20. CD, 27.10.2015 T., 2015\/1538 E., 2015\/4362 K.<\/em>). \u00d6zetle, e\u011fer ki\u015finin kullan\u0131c\u0131 oldu\u011funa dair belirtiler varsa, yakalanan maddenin kendi kullan\u0131m\u0131 i\u00e7in olabilece\u011fi ihtimali artacak; aksi halde ticaret kast\u0131 y\u00f6n\u00fcndeki \u015f\u00fcphe artacakt\u0131r.<\/p>\t\t\t\t\t\t\t\t<\/div>\n\t\t\t\t<\/div>\n\t\t<div class=\"elementor-element elementor-element-3fd145f e-con-full e-flex e-con e-child\" data-id=\"3fd145f\" data-element_type=\"container\" data-e-type=\"container\" data-settings=\"{&quot;background_background&quot;:&quot;classic&quot;}\">\n\t\t\t\t<div class=\"elementor-element elementor-element-a05ede7 elementor-widget__width-initial elementor-widget elementor-widget-heading\" data-id=\"a05ede7\" data-element_type=\"widget\" data-e-type=\"widget\" data-widget_type=\"heading.default\">\n\t\t\t\t\t<h2 class=\"elementor-heading-title elementor-size-default\">6. Failin Ekonomik ve Sosyal Durumu\n\n<\/h2>\t\t\t\t<\/div>\n\t\t\t\t<div class=\"elementor-element elementor-element-fc908ac elementor-widget elementor-widget-text-editor\" data-id=\"fc908ac\" data-element_type=\"widget\" data-e-type=\"widget\" data-widget_type=\"text-editor.default\">\n\t\t\t\t\t\t\t\t\t<p class=\"kenarlara-yasla has-dm-sans-font-family\">Yarg\u0131tay, san\u0131\u011f\u0131n gelir d\u00fczeyi, i\u015fi ve maddi durumu gibi hususlar\u0131n da dolayl\u0131 olarak de\u011ferlendirilmesi gerekti\u011fini belirtmi\u015ftir (<em>Yarg\u0131tay 20. CD, 06.12.2017 T., 2017\/4155 E., 2017\/6865 K.,<\/em>). Zira uyu\u015fturucu ticareti genellikle kazan\u00e7 ama\u00e7l\u0131 yap\u0131l\u0131r; bu su\u00e7u ge\u00e7im kayna\u011f\u0131 haline getiren ki\u015filerin g\u00f6r\u00fcn\u00fcrdeki i\u015fleri ile mal varl\u0131klar\u0131 uyumsuz olabilir. \u00d6rne\u011fin asgari \u00fccretle ge\u00e7inen bir ki\u015finin, piyasa de\u011feri kendi gelirini a\u015fan miktarda uyu\u015fturucuyu sat\u0131n al\u0131p bulundurmas\u0131, ticaret kast\u0131 y\u00f6n\u00fcnde yorumlanabilecektir. Nitekim Yarg\u0131tay, ayl\u0131k geliri 600 TL olan i\u015fsiz bir san\u0131\u011f\u0131n, 1000 TL \u00f6deyerek 1044 gram esrar sat\u0131n al\u0131p yan\u0131nda ta\u015f\u0131mas\u0131n\u0131 de\u011ferlendirirken, sadece miktar\u0131n y\u0131ll\u0131k kullan\u0131m s\u0131n\u0131r\u0131n\u0131n alt\u0131nda olmas\u0131na dayanarak beraat verilemeyece\u011fini vurgulam\u0131\u015ft\u0131r (<em>Yarg\u0131tay 20. CD, 22.11.2017 T., 2017\/3529 E., 2017\/6396 K.,<\/em>). San\u0131\u011f\u0131n gelirine k\u0131yasla ola\u011fand\u0131\u015f\u0131 y\u00fcksek miktarda uyu\u015fturucu temin etmesi ve bunu memleketinden uzakta ta\u015f\u0131mas\u0131, ki\u015fisel ihtiya\u00e7 i\u00e7in de\u011fil ticaret amac\u0131yla hareket etti\u011fine dair g\u00fc\u00e7l\u00fc bir g\u00f6sterge say\u0131lm\u0131\u015f ve yerel mahkemenin \u201ckullan\u0131m\u201d y\u00f6n\u00fcndeki h\u00fckm\u00fc bozulmu\u015ftur. Dolay\u0131s\u0131yla failin maddi durumuyla ele ge\u00e7en uyu\u015fturucu miktar\u0131 aras\u0131nda orant\u0131s\u0131zl\u0131k olmas\u0131, ticaret kast\u0131n\u0131n var oldu\u011fu y\u00f6n\u00fcnde de\u011ferlendirilebilir.<\/p>\t\t\t\t\t\t\t\t<\/div>\n\t\t\t\t<\/div>\n\t\t<div class=\"elementor-element elementor-element-52edf84 e-con-full e-flex e-con e-child\" data-id=\"52edf84\" data-element_type=\"container\" data-e-type=\"container\" data-settings=\"{&quot;background_background&quot;:&quot;classic&quot;}\">\n\t\t\t\t<div class=\"elementor-element elementor-element-14dda99 elementor-widget__width-initial elementor-widget elementor-widget-heading\" data-id=\"14dda99\" data-element_type=\"widget\" data-e-type=\"widget\" data-widget_type=\"heading.default\">\n\t\t\t\t\t<h2 class=\"elementor-heading-title elementor-size-default\">Sonu\u00e7<\/h2>\t\t\t\t<\/div>\n\t\t\t\t<div class=\"elementor-element elementor-element-2115c0c elementor-widget-mobile__width-initial elementor-widget elementor-widget-text-editor\" data-id=\"2115c0c\" data-element_type=\"widget\" data-e-type=\"widget\" data-widget_type=\"text-editor.default\">\n\t\t\t\t\t\t\t\t\t<p class=\"kenarlara-yasla has-dm-sans-font-family\">Sonu\u00e7 olarak, uyu\u015fturucu maddeyle ilgili \u201c<em>sat\u0131n alma<\/em>\u201d, \u201c<em>kabul etme<\/em>\u201d ve \u201c<em>bulundurma<\/em>\u201d fiilleri, tek ba\u015f\u0131na su\u00e7un vas\u0131fland\u0131r\u0131lmas\u0131nda yeterli olmad\u0131\u011f\u0131ndan, bu fiillerin hangi saikle ger\u00e7ekle\u015ftirildi\u011fi hususunda \u00f6zel bir de\u011ferlendirmeyi gerekli k\u0131lar. Bu de\u011ferlendirme yap\u0131l\u0131rken; yukar\u0131da detayland\u0131rd\u0131\u011f\u0131m\u0131z t\u00fcm kriterler -failin davran\u0131\u015f bi\u00e7imi, madde miktar\u0131 ve t\u00fcr\u00fc, bulundurma \u015fekli, ekonomik durumu ve kullan\u0131m ge\u00e7mi\u015fi- birbirinden ayr\u0131 ve \u015fabloncu \u015fekilde de\u011fil, b\u00fct\u00fcnc\u00fcl bir yakla\u015f\u0131mla ve olay\u0131n kendine \u00f6zg\u00fc ko\u015ful ve delilleriyle birlikte ele al\u0131nmal\u0131d\u0131r. Bu de\u011ferlendirme s\u00fcrecinde, ceza hukukunun temel ilkeleri -\u00f6zellikle \u201c<em>\u015f\u00fcpheden san\u0131k yararlan\u0131r<\/em>\u201d ilkesi ve\u00a0<em>adil yarg\u0131lanma hakk\u0131<\/em>\u2013 g\u00f6zetilmeli, failin iradesine dair varsay\u0131mlara de\u011fil somut delillere dayanmal\u0131d\u0131r. Yarg\u0131tay\u2019\u0131n yerle\u015fik i\u00e7tihatlar\u0131 belirli bir \u00e7er\u00e7eve sunsa da her somut olay kendi \u00f6zg\u00fcn ger\u00e7ekli\u011fiyle de\u011ferlendirilmelidir; zira failin kullan\u0131m amac\u0131yla m\u0131 yoksa ticaret saikiyle mi hareket etti\u011fi, ancak do\u011frudan somut delillerle ortaya konulabilir.<\/p>\t\t\t\t\t\t\t\t<\/div>\n\t\t\t\t<\/div>\n\t\t<div class=\"elementor-element elementor-element-d9d23a6 e-con-full e-flex e-con e-child\" data-id=\"d9d23a6\" data-element_type=\"container\" data-e-type=\"container\" data-settings=\"{&quot;background_background&quot;:&quot;classic&quot;}\">\n\t\t\t\t<div class=\"elementor-element elementor-element-882a8e0 elementor-widget__width-initial elementor-widget elementor-widget-heading\" data-id=\"882a8e0\" data-element_type=\"widget\" data-e-type=\"widget\" data-widget_type=\"heading.default\">\n\t\t\t\t\t<h2 class=\"elementor-heading-title elementor-size-default\">Av. Damla Bayrak<\/h2>\t\t\t\t<\/div>\n\t\t\t\t<\/div>\n\t\t\t\t<\/div>\n\t\t\t\t<\/div>\n\t\t\t\t\t<\/div>\n\t\t\t\t<\/div>\n\t\t\t\t<\/div>\n\t\t","protected":false},"excerpt":{"rendered":"<p>Bize Ula\u015f\u0131n: damla.bayrak@damlalegal.com Kullan\u0131c\u0131 m\u0131 Sat\u0131c\u0131 m\u0131? Uyu\u015fturucu Su\u00e7lar\u0131ndaki Kritik Ayr\u0131m (TCK 188-191) Uyu\u015fturucu su\u00e7lar\u0131nda yakalanan ki\u015finin \u201ckullan\u0131c\u0131\u201d m\u0131 yoksa \u201csat\u0131c\u0131\u201d m\u0131 oldu\u011funun tespiti, ceza hukuku a\u00e7\u0131s\u0131ndan do\u011frudan cezan\u0131n t\u00fcr\u00fcn\u00fc ve a\u011f\u0131rl\u0131\u011f\u0131n\u0131 belirleyen en temel noktad\u0131r. T\u00fcrk Ceza Kanunu\u2019nda bu ayr\u0131m; TCK m.191 kapsam\u0131nda \u201cuyu\u015fturucu madde kullanma\u201d su\u00e7u ile TCK m.188 kapsam\u0131nda \u201cuyu\u015fturucu madde ticareti\u201d&#8230;<\/p>\n","protected":false},"author":260535982,"featured_media":0,"parent":0,"menu_order":0,"comment_status":"closed","ping_status":"closed","template":"","meta":{"advanced_seo_description":"","jetpack_seo_html_title":"","jetpack_seo_noindex":false,"jetpack_seo_schema_type":"","_kad_post_transparent":"","_kad_post_title":"hide","_kad_post_layout":"fullwidth","_kad_post_sidebar_id":"","_kad_post_content_style":"unboxed","_kad_post_vertical_padding":"hide","_kad_post_feature":"hide","_kad_post_feature_position":"","_kad_post_header":false,"_kad_post_footer":false,"_wpcom_ai_launchpad_about_page":false,"_wpcom_ai_launchpad_gallery_page":false,"_wpcom_ai_launchpad_contact_page":false,"_wpcom_ai_launchpad_events_page":false,"_wpcom_ai_launchpad_video_page":false,"_wpcom_ai_launchpad_portfolio_piece":false,"footnotes":"","big_sky_generated":false},"class_list":["post-740","page","type-page","status-publish","hentry"],"jetpack_likes_enabled":true,"jetpack_sharing_enabled":true,"jetpack_shortlink":"https:\/\/wp.me\/PgDeOb-bW","jetpack-related-posts":[{"id":612,"url":"https:\/\/damlalegal.com\/tr_tr\/hukuki-makaleler\/","url_meta":{"origin":740,"position":0},"title":"Hukuki Makaleler","author":"M.S","date":"Eyl\u00fcl 9, 2025","format":false,"excerpt":"Bize Ula\u015f\u0131n: damla.bayrak@damlalegal.com Makaleler Makaleler Kirac\u0131ya Depozito \u0130adesi Nas\u0131l Yap\u0131l\u0131r? Makaleler Gayrimenkul Yat\u0131r\u0131m\u0131yla Vatanda\u015fl\u0131k Kazan\u0131lmas\u0131 Makaleler Kullan\u0131c\u0131 m\u0131 Sat\u0131c\u0131 m\u0131? Uyu\u015fturucu Su\u00e7lar\u0131ndaki Kritik Ayr\u0131m (TCK 188-191)","rel":"","context":"Benzer yaz\u0131","block_context":{"text":"Benzer yaz\u0131","link":""},"img":{"alt_text":"","src":"https:\/\/i0.wp.com\/damlalegal.com\/wp-content\/uploads\/2025\/09\/0pasaport-anagorsel-scaled-1.jpg?resize=350%2C200&ssl=1","width":350,"height":200,"srcset":"https:\/\/i0.wp.com\/damlalegal.com\/wp-content\/uploads\/2025\/09\/0pasaport-anagorsel-scaled-1.jpg?resize=350%2C200&ssl=1 1x, https:\/\/i0.wp.com\/damlalegal.com\/wp-content\/uploads\/2025\/09\/0pasaport-anagorsel-scaled-1.jpg?resize=525%2C300&ssl=1 1.5x, https:\/\/i0.wp.com\/damlalegal.com\/wp-content\/uploads\/2025\/09\/0pasaport-anagorsel-scaled-1.jpg?resize=700%2C400&ssl=1 2x, https:\/\/i0.wp.com\/damlalegal.com\/wp-content\/uploads\/2025\/09\/0pasaport-anagorsel-scaled-1.jpg?resize=1050%2C600&ssl=1 3x, https:\/\/i0.wp.com\/damlalegal.com\/wp-content\/uploads\/2025\/09\/0pasaport-anagorsel-scaled-1.jpg?resize=1400%2C800&ssl=1 4x"},"classes":[]},{"id":388,"url":"https:\/\/damlalegal.com\/tr_tr\/hizmetlerimiz\/","url_meta":{"origin":740,"position":1},"title":"Hizmetlerimiz","author":"M.S","date":"Eyl\u00fcl 5, 2025","format":false,"excerpt":"Bize Ula\u015f\u0131n: damla.bayrak@damlalegal.com Hizmetlerimize G\u00f6zat\u0131n T\u00fcm Hukuki \u0130htiya\u00e7lar\u0131n\u0131z \u0130\u00e7in Yan\u0131n\u0131zday\u0131z Ceza Hukuku Uyu\u015fturucu su\u00e7lar\u0131 ve di\u011fer kasten i\u015flenen su\u00e7larda san\u0131k veya ma\u011fdur vekilli\u011fi; soru\u015fturma ve kovu\u015fturma s\u00fcre\u00e7lerinde temsil. \u0130\u015f Hukuku Bireysel ve toplu i\u015f s\u00f6zle\u015fmeleri, i\u015ften \u00e7\u0131karma, i\u015fe iade davalar\u0131, i\u015f\u00e7ilik alacaklar\u0131 ve i\u015fyeri g\u00fcvenli\u011fi ile ilgili uyu\u015fmazl\u0131klar. T\u00fcketici Hukuku\u2026","rel":"","context":"Benzer yaz\u0131","block_context":{"text":"Benzer yaz\u0131","link":""},"img":{"alt_text":"","src":"https:\/\/i0.wp.com\/damlalegal.com\/wp-content\/uploads\/2025\/09\/circle_recolored.jpeg?resize=350%2C200&ssl=1","width":350,"height":200},"classes":[]},{"id":273,"url":"https:\/\/damlalegal.com\/tr_tr\/","url_meta":{"origin":740,"position":2},"title":"Ana Sayfa","author":"M.S","date":"Eyl\u00fcl 4, 2025","format":false,"excerpt":"Bize Ula\u015f\u0131n: damla.bayrak@damlalegal.com DAMLA LEGAL Hukuk B\u00fcrosu Gen\u00e7, Dinamik ve G\u00fcvenilir Hukuki \u00c7\u00f6z\u00fcm Orta\u011f\u0131n\u0131z DAMLA LEGAL olarak, gen\u00e7 ve dinamik bak\u0131\u015f a\u00e7\u0131m\u0131zla hukuki s\u00fcre\u00e7leri anla\u015f\u0131l\u0131r, ula\u015f\u0131labilir ve \u00e7\u00f6z\u00fcm odakl\u0131 \u015fekilde y\u00f6netiyoruz. Ceza hukukundan ticaret hukukuna uzanan geni\u015f bir yelpazede hizmet sunarken, m\u00fcvekkillerimize yaln\u0131zca hukuki temsil de\u011fil, g\u00fcvenilir bir yol arkada\u015fl\u0131\u011f\u0131\u2026","rel":"","context":"Benzer yaz\u0131","block_context":{"text":"Benzer yaz\u0131","link":""},"img":{"alt_text":"","src":"https:\/\/i0.wp.com\/damlalegal.com\/wp-content\/uploads\/2025\/06\/turk-hukuku.jpeg?resize=350%2C200&ssl=1","width":350,"height":200,"srcset":"https:\/\/i0.wp.com\/damlalegal.com\/wp-content\/uploads\/2025\/06\/turk-hukuku.jpeg?resize=350%2C200&ssl=1 1x, https:\/\/i0.wp.com\/damlalegal.com\/wp-content\/uploads\/2025\/06\/turk-hukuku.jpeg?resize=525%2C300&ssl=1 1.5x, https:\/\/i0.wp.com\/damlalegal.com\/wp-content\/uploads\/2025\/06\/turk-hukuku.jpeg?resize=700%2C400&ssl=1 2x"},"classes":[]},{"id":722,"url":"https:\/\/damlalegal.com\/tr_tr\/kiraciya-depozito-iadesi-nasil-yapilir\/","url_meta":{"origin":740,"position":3},"title":"Kirac\u0131ya Depozito \u0130adesi Nas\u0131l Yap\u0131l\u0131r?","author":"M.S","date":"Eyl\u00fcl 10, 2025","format":false,"excerpt":"Bize Ula\u015f\u0131n: damla.bayrak@damlalegal.com Kirac\u0131ya Depozito \u0130adesi Nas\u0131l Yap\u0131l\u0131r Kira s\u00f6zle\u015fmelerinde en \u00e7ok tart\u0131\u015f\u0131lan konulardan biri, kira s\u00f6zle\u015fmesi sona erdi\u011finde \u201cdepozito\u201d olarak bilinen g\u00fcvence bedelinin iadesidir. Burada temel soru, depozitonun ilk verildi\u011fi tutar \u00fczerinden mi yoksa g\u00fcncel kira \u00fczerinden mi iade edilece\u011fidir. Tarihsel Geli\u015fim 2012 \u00f6ncesi kira s\u00f6zle\u015fmelerinde depozitoya dair \u00f6zel\u2026","rel":"","context":"Benzer yaz\u0131","block_context":{"text":"Benzer yaz\u0131","link":""},"img":{"alt_text":"","src":"","width":0,"height":0},"classes":[]},{"id":732,"url":"https:\/\/damlalegal.com\/tr_tr\/gayrimenkul-yatirimiyla-vatandaslik-kazanilmasi\/","url_meta":{"origin":740,"position":4},"title":"Gayrimenkul Yat\u0131r\u0131m\u0131yla Vatanda\u015fl\u0131k Kazan\u0131lmas\u0131","author":"M.S","date":"Eyl\u00fcl 10, 2025","format":false,"excerpt":"Bize Ula\u015f\u0131n: damla.bayrak@damlalegal.com Gayrimenkul Yat\u0131r\u0131m\u0131yla Vatanda\u015fl\u0131k Kazan\u0131lmas\u0131 Yabanc\u0131 yat\u0131r\u0131mc\u0131lara, gayrimenkul kar\u015f\u0131l\u0131\u011f\u0131nda ikamet izni veya vatanda\u015fl\u0131k imk\u00e2n\u0131 bir\u00e7ok \u00fclkede sunulmaktad\u0131r. Bu programlar genellikle belirli \u00f6l\u00e7ekte ta\u015f\u0131nmaz yat\u0131r\u0131m\u0131 \u015fart\u0131na dayan\u0131r ve yat\u0131r\u0131mc\u0131lara \u00f6nce ikamet izni, belirli s\u00fcre sonunda da vatanda\u015fl\u0131\u011fa ba\u015fvuru hakk\u0131 tan\u0131r.T\u00fcrkiye\u2019de ise ta\u015f\u0131nmaz yat\u0131r\u0131m\u0131 yoluyla vatanda\u015fl\u0131k kazan\u0131lmas\u0131, 5901 say\u0131l\u0131 T\u00fcrk\u2026","rel":"","context":"Benzer yaz\u0131","block_context":{"text":"Benzer yaz\u0131","link":""},"img":{"alt_text":"","src":"","width":0,"height":0},"classes":[]}],"_links":{"self":[{"href":"https:\/\/damlalegal.com\/tr_tr\/wp-json\/wp\/v2\/pages\/740","targetHints":{"allow":["GET"]}}],"collection":[{"href":"https:\/\/damlalegal.com\/tr_tr\/wp-json\/wp\/v2\/pages"}],"about":[{"href":"https:\/\/damlalegal.com\/tr_tr\/wp-json\/wp\/v2\/types\/page"}],"author":[{"embeddable":true,"href":"https:\/\/damlalegal.com\/tr_tr\/wp-json\/wp\/v2\/users\/260535982"}],"replies":[{"embeddable":true,"href":"https:\/\/damlalegal.com\/tr_tr\/wp-json\/wp\/v2\/comments?post=740"}],"version-history":[{"count":11,"href":"https:\/\/damlalegal.com\/tr_tr\/wp-json\/wp\/v2\/pages\/740\/revisions"}],"predecessor-version":[{"id":854,"href":"https:\/\/damlalegal.com\/tr_tr\/wp-json\/wp\/v2\/pages\/740\/revisions\/854"}],"wp:attachment":[{"href":"https:\/\/damlalegal.com\/tr_tr\/wp-json\/wp\/v2\/media?parent=740"}],"curies":[{"name":"wp","href":"https:\/\/api.w.org\/{rel}","templated":true}]}}